{"id":6408,"date":"2022-03-04T12:16:58","date_gmt":"2022-03-04T16:16:58","guid":{"rendered":"https:\/\/www.cchen.cl\/?page_id=6408"},"modified":"2022-03-07T16:29:14","modified_gmt":"2022-03-07T20:29:14","slug":"legado","status":"publish","type":"page","link":"https:\/\/www.cchen.cl\/?page_id=6408","title":{"rendered":"Legado"},"content":{"rendered":"<table class=\"table table-light table-hover\" style=\"height: 148px;\" width=\"934\">\n<tbody>\n<tr bgcolor=\"#e6edf8\" >\n<td>\n<h3 style=\"text-align: center;\"><strong>Luc\u00eda De Las Mercedes Mella Moreno<\/strong><\/h3>\n<p><img decoding=\"async\" class=\"rounded aligncenter\" src=\"http:\/\/www.cchen.cl\/wp-content\/uploads\/2022\/03\/lucia_mella_recorte.png\" alt=\"Luc\u00eda Mella\" \/><\/p>\n<h4 style=\"text-align: center;\">Periodo <abbr class='c2c-text-hover' title='Comisi\u00f3n Chilena de Energ\u00eda Nuclear.'>CCHEN<\/abbr>: 1970 \u2013 2003<\/h4>\n<p align=\"justify\">Naci\u00f3 el 20 de diciembre de 1943. Titulada de Tecn\u00f3loga M\u00e9dica de la Universidad de Chile, en 1972.<\/p>\n<p align=\"justify\">Fue la primera mujer en desempe\u00f1arse como Oficial de Protecci\u00f3n Radiol\u00f3gica, rol que en su \u00e9poca, ten\u00eda atribuciones de asesor\u00eda y autoridad. Fue Inspectora de Instalaciones Radiactivas y Encargada de la Oficina de Licencias. Sus \u00faltimos a\u00f1os los ejerci\u00f3 en el Departamento de Seguridad Nuclear y Radiol\u00f3gica, en la Unidad de Contabilidad y Control de Materiales Nucleares y Salvaguardia Nuclear, cargo que representa al Estado en la obligaci\u00f3n jur\u00eddica de no utilizar de manera indebida las instalaciones nucleares y de no desviar los materiales nucleares de los usos pac\u00edficos, ante el Organismo Internacional de Energ\u00eda At\u00f3mica (OIEA).<\/p>\n<p align=\"justify\">Como Oficial de Protecci\u00f3n Radiol\u00f3gica, particip\u00f3 el 13 de octubre de 1974, en la puesta a cr\u00edtico del primer reactor nuclear chileno, siendo adem\u00e1s, la \u00fanica mujer presente en dicho evento, el que marca el uso pac\u00edfico de la energ\u00eda nuclear en investigaci\u00f3n y aplicaciones en Chile.<\/p>\n<\/td>\n<\/tr>\n<\/table>\n<\/p>\n<table class=\"table table-light table-hover\" style=\"height: 148px;\" width=\"934\">\n<tbody>\n<tr bgcolor=\"#e6edf8\">\n<td>\n<h3 style=\"text-align: center;\"><strong>Luz Widad Chuaqui Jahiatt<\/strong><br \/>\n<img decoding=\"async\" class=\"rounded\" src=\"http:\/\/www.cchen.cl\/wp-content\/uploads\/2022\/03\/luz_chuaqui_recorte2.png\" alt=\"Luz Chuaqui\" \/><\/h3>\n<h4 style=\"text-align: center;\">Periodo <abbr class='c2c-text-hover' title='Comisi\u00f3n Chilena de Energ\u00eda Nuclear.'>CCHEN<\/abbr>: 1980 \u2013 1999<\/h4>\n<p align=\"justify\">Naci\u00f3 el 28 de marzo de 1938. Ingeniera Civil Electricista de la Universidad de Chile y Master of Arts en Geof\u00edsica en la Universidad de California, Berkeley.<\/p>\n<p align=\"justify\">En 1980 ingres\u00f3 al Departamento de Computaci\u00f3n de la <abbr class='c2c-text-hover' title='Comisi\u00f3n Chilena de Energ\u00eda Nuclear.'>CCHEN<\/abbr> como analista de sistemas, para interpretar datos e im\u00e1genes relacionadas con activaci\u00f3n neutr\u00f3nica, concentraciones isot\u00f3picas generadas por uranio, y trazadores radiactivos para la miner\u00eda e industria. Integr\u00f3 el grupo de F\u00edsica de Reactores, donde instal\u00f3 programas de c\u00e1lculos neutr\u00f3nicos complejos, que permitieron efectuar numerosos trabajos para los reactores de investigaci\u00f3n <abbr class='c2c-text-hover' title='Reactor Experimental Chileno N\u00ba1, ubicado en el Centro de Estudios Nucleares La Reina.'>RECH-1<\/abbr> y <abbr class='c2c-text-hover' title='Reactor Experimental Chileno N\u00ba2, ubicado en el Centro de Estudios Nucleares Lo Aguirre.'>RECH-2<\/abbr>, incluyendo el dise\u00f1o de elementos combustibles, estudios de criticidad de configuraciones de n\u00facleo y an\u00e1lisis de la seguridad de los reactores nucleares.<\/p>\n<p align=\"justify\">Fue la primera mujer Ingeniera Civil Electricista de nuestro pa\u00eds y fue reconocida por desarrollarse en temas de investigaci\u00f3n en campos poco tradicionales, como la energ\u00eda nuclear.<\/p>\n<p>&nbsp;&nbsp;&nbsp;\n<\/td>\n<\/tr>\n<\/table>\n<\/p>\n<table class=\"table table-light table-hover\" style=\"height: 148px;\" width=\"934\">\n<tbody>\n<tr bgcolor=\"#e6edf8\">\n<td>\n<h3 style=\"text-align: center;\"><strong>Olga In\u00e9s Pino N\u00fa\u00f1ez<\/strong><br \/>\n<img decoding=\"async\" class=\"rounded\" src=\"http:\/\/www.cchen.cl\/wp-content\/uploads\/2022\/03\/ipino_.png\" alt=\"In\u00e9s Pino\" width=\"60%\" \/><\/h3>\n<h4 style=\"text-align: center;\">Periodo <abbr class='c2c-text-hover' title='Comisi\u00f3n Chilena de Energ\u00eda Nuclear.'>CCHEN<\/abbr>: 1982 \u2013 2009<\/h4>\n<p align=\"justify\">Naci\u00f3 el 16 de abril de 1944. Ingeniera Agr\u00f3noma de la Universidad de Chile y Magister en Fertilidad de Suelos de la Pontificia Universidad Cat\u00f3lica de Chile.<\/p>\n<p align=\"justify\">En la d\u00e9cada de los 70, integr\u00f3 el grupo que comenz\u00f3 a desarrollar en la Comisi\u00f3n Chilena de Energ\u00eda Nuclear (<abbr class='c2c-text-hover' title='Comisi\u00f3n Chilena de Energ\u00eda Nuclear.'>CCHEN<\/abbr>) los primeros estudios que aplicaban t\u00e9cnicas isot\u00f3picas en el \u00e1rea de agricultura, con especializaci\u00f3n en suelos y su relaci\u00f3n con el uso eficiente de f\u00f3sforo. Con el tiempo los estudios se ampliaron, considerando todo el sistema de manejo de cultivos. Lleg\u00f3 a ser referente a nivel nacional e internacional, gracias a sus m\u00e1s de 70 publicaciones cient\u00edficas.<\/p>\n<p align=\"justify\">En la <abbr class='c2c-text-hover' title='Comisi\u00f3n Chilena de Energ\u00eda Nuclear.'>CCHEN<\/abbr>, fue reconocida con el galard\u00f3n azul, por su destacada y constante contribuci\u00f3n al prestigio de la Instituci\u00f3n. En el exterior, proyect\u00f3 el Laboratorio de Agricultura, reconocido como Centro designado ARCAL, y organiz\u00f3 cursos y talleres relativos a la aplicaci\u00f3n de t\u00e9cnicas isot\u00f3picas, recibiendo el reconocimiento del Organismo Internacional de Energ\u00eda At\u00f3mica (OIEA).<\/p>\n<\/td>\n<\/tr>\n<\/tbody>\n<\/table>\n","protected":false},"excerpt":{"rendered":"<p>Luc\u00eda De Las Mercedes Mella Moreno Periodo <abbr class='c2c-text-hover' title='Comisi\u00f3n Chilena de Energ\u00eda Nuclear.'>CCHEN<\/abbr>: 1970 \u2013 2003 Naci\u00f3 el 20 de diciembre de 1943. Titulada de Tecn\u00f3loga M\u00e9dica de la Universidad de Chile, en 1972. Fue la primera mujer en desempe\u00f1arse como Oficial de Protecci\u00f3n Radiol\u00f3gica, rol que en su \u00e9poca, ten\u00eda atribuciones de asesor\u00eda y autoridad. Fue Inspectora de Instalaciones&#8230; <a class=\"read-more\" href=\"https:\/\/www.cchen.cl\/?page_id=6408\">Leer m\u00e1s >><\/a><\/p>\n","protected":false},"author":3,"featured_media":0,"parent":2,"menu_order":0,"comment_status":"closed","ping_status":"closed","template":"","meta":{"footnotes":"","_links_to":"","_links_to_target":""},"class_list":["post-6408","page","type-page","status-publish","hentry"],"_links":{"self":[{"href":"https:\/\/www.cchen.cl\/index.php?rest_route=\/wp\/v2\/pages\/6408","targetHints":{"allow":["GET"]}}],"collection":[{"href":"https:\/\/www.cchen.cl\/index.php?rest_route=\/wp\/v2\/pages"}],"about":[{"href":"https:\/\/www.cchen.cl\/index.php?rest_route=\/wp\/v2\/types\/page"}],"author":[{"embeddable":true,"href":"https:\/\/www.cchen.cl\/index.php?rest_route=\/wp\/v2\/users\/3"}],"replies":[{"embeddable":true,"href":"https:\/\/www.cchen.cl\/index.php?rest_route=%2Fwp%2Fv2%2Fcomments&post=6408"}],"version-history":[{"count":35,"href":"https:\/\/www.cchen.cl\/index.php?rest_route=\/wp\/v2\/pages\/6408\/revisions"}],"predecessor-version":[{"id":6471,"href":"https:\/\/www.cchen.cl\/index.php?rest_route=\/wp\/v2\/pages\/6408\/revisions\/6471"}],"up":[{"embeddable":true,"href":"https:\/\/www.cchen.cl\/index.php?rest_route=\/wp\/v2\/pages\/2"}],"wp:attachment":[{"href":"https:\/\/www.cchen.cl\/index.php?rest_route=%2Fwp%2Fv2%2Fmedia&parent=6408"}],"curies":[{"name":"wp","href":"https:\/\/api.w.org\/{rel}","templated":true}]}}